{"id":16786,"date":"2024-02-04T23:41:54","date_gmt":"2024-02-04T23:41:54","guid":{"rendered":"https:\/\/purple-eye.ch\/?page_id=16786"},"modified":"2024-12-13T11:22:13","modified_gmt":"2024-12-13T11:22:13","slug":"membres","status":"publish","type":"page","link":"https:\/\/purple-eye.ch\/fr\/membres\/","title":{"rendered":"Membres"},"content":{"rendered":"<div class=\"wpb-content-wrapper\"><p>[vc_row css=\u00a0\u00bb.vc_custom_1707078444101{margin-top: 80px !important;}\u00a0\u00bb][vc_column][vc_column_text]<\/p>\n<h2>Membres<\/h2>\n<p>[\/vc_column_text][\/vc_column][\/vc_row][vc_row css=\u00a0\u00bb.vc_custom_1707078433366{margin-bottom: 80px !important;}\u00a0\u00bb][vc_column width=\u00a0\u00bb1\/2&Prime;][vc_column_text]L&rsquo;association, con\u00e7ue comme une plateforme promotionnelle, est le r\u00e9ceptacle d&rsquo;o\u00f9 \u00e9mergent les projets qui nous portent et nous animent. Nous sommes des femmes d&rsquo;images* et la diversit\u00e9 de nos langages photographiques est l&rsquo;outil de notre activisme.[\/vc_column_text][\/vc_column][vc_column width=\u00a0\u00bb1\/2&Prime;][vc_column_text]Si le collectif s&rsquo;adresse en premier lieu aux femmes photographes*, il est \u00e9galement ouvert \u00e0 toutes les professionnelles dont le m\u00e9tier est li\u00e9 \u00e0 l&rsquo;image photographique (graphistes*, auteurs*, commissaires d&rsquo;exposition*&#8230;).[\/vc_column_text][\/vc_column][\/vc_row][vc_row][vc_column][lab_portfolio_items default_filter_category=\u00a0\u00bbregion-fr\u00a0\u00bb filter_category_hide_all=\u00a0\u00bbyes\u00a0\u00bb columns=\u00a0\u00bb4&Prime; pagination_type=\u00a0\u00bbendless\u00a0\u00bb endless_auto_reveal=\u00a0\u00bbyes\u00a0\u00bb endless_show_more_button_text=\u00a0\u00bb&#8230;\u00a0\u00bb endless_no_more_items_button_text=\u00a0\u00bb\u00a0\u00bb portfolio_query=\u00a0\u00bbsize:all|order:ASC|post_type:portfolio\u00a0\u00bb][\/vc_column][\/vc_row]<\/p>\n<\/div>","protected":false},"excerpt":{"rendered":"<p>[vc_row css=\u00a0\u00bb.vc_custom_1707078444101{margin-top: 80px !important;}\u00a0\u00bb][vc_column][vc_column_text] Membres [\/vc_column_text][\/vc_column][\/vc_row][vc_row css=\u00a0\u00bb.vc_custom_1707078433366{margin-bottom: 80px !important;}\u00a0\u00bb][vc_column width=\u00a0\u00bb1\/2&Prime;][vc_column_text]L&rsquo;association, con\u00e7ue comme une plateforme promotionnelle, est le r\u00e9ceptacle d&rsquo;o\u00f9 \u00e9mergent les projets qui nous portent et nous animent. Nous sommes des femmes d&rsquo;images* et la diversit\u00e9 de nos langages photographiques est l&rsquo;outil de notre activisme.[\/vc_column_text][\/vc_column][vc_column width=\u00a0\u00bb1\/2&Prime;][vc_column_text]Si le collectif s&rsquo;adresse en premier lieu aux femmes photographes*,&hellip;<\/p>\n","protected":false},"author":2,"featured_media":0,"parent":0,"menu_order":86,"comment_status":"closed","ping_status":"closed","template":"","meta":{"_acf_changed":false,"footnotes":""},"class_list":["post-16786","page","type-page","status-publish","hentry"],"acf":[],"_links":{"self":[{"href":"https:\/\/purple-eye.ch\/fr\/wp-json\/wp\/v2\/pages\/16786","targetHints":{"allow":["GET"]}}],"collection":[{"href":"https:\/\/purple-eye.ch\/fr\/wp-json\/wp\/v2\/pages"}],"about":[{"href":"https:\/\/purple-eye.ch\/fr\/wp-json\/wp\/v2\/types\/page"}],"author":[{"embeddable":true,"href":"https:\/\/purple-eye.ch\/fr\/wp-json\/wp\/v2\/users\/2"}],"replies":[{"embeddable":true,"href":"https:\/\/purple-eye.ch\/fr\/wp-json\/wp\/v2\/comments?post=16786"}],"version-history":[{"count":8,"href":"https:\/\/purple-eye.ch\/fr\/wp-json\/wp\/v2\/pages\/16786\/revisions"}],"predecessor-version":[{"id":17579,"href":"https:\/\/purple-eye.ch\/fr\/wp-json\/wp\/v2\/pages\/16786\/revisions\/17579"}],"wp:attachment":[{"href":"https:\/\/purple-eye.ch\/fr\/wp-json\/wp\/v2\/media?parent=16786"}],"curies":[{"name":"wp","href":"https:\/\/api.w.org\/{rel}","templated":true}]}}